{"id":247676,"date":"2023-03-29T16:32:32","date_gmt":"2023-03-29T14:32:32","guid":{"rendered":"https:\/\/photobettinger.com\/christian-bettinger-fotograf-basel-saint-louis\/"},"modified":"2024-05-17T14:19:10","modified_gmt":"2024-05-17T12:19:10","slug":"fotograf","status":"publish","type":"page","link":"https:\/\/photobettinger.com\/de\/fotograf\/","title":{"rendered":"Christian Bettinger, Fotograf, Basel, Saint-Louis"},"content":{"rendered":"<p>[et_pb_section fb_built=&#8220;1&#8243; admin_label=&#8220;Section&#8220; _builder_version=&#8220;4.19.5&#8243; _module_preset=&#8220;default&#8220; background_color=&#8220;#283139&#8243; custom_margin=&#8220;60px||||false|false&#8220; custom_padding=&#8220;60px||60px||true|false&#8220; global_colors_info=&#8220;{}&#8220;][et_pb_row column_structure=&#8220;1_2,1_2&#8243; _builder_version=&#8220;4.19.4&#8243; _module_preset=&#8220;default&#8220; custom_padding=&#8220;0px||||false|false&#8220; border_width_top=&#8220;2px&#8220; border_color_top=&#8220;#A3A4A6&#8243; global_colors_info=&#8220;{}&#8220;][et_pb_column type=&#8220;1_2&#8243; _builder_version=&#8220;4.19.2&#8243; _module_preset=&#8220;default&#8220; global_colors_info=&#8220;{}&#8220;][et_pb_text _builder_version=&#8220;4.19.5&#8243; _module_preset=&#8220;default&#8220; header_font=&#8220;||||||||&#8220; header_text_color=&#8220;#F5DF4D&#8220; header_font_size=&#8220;40px&#8220; header_2_font=&#8220;||||||||&#8220; custom_padding=&#8220;20px||||false|false&#8220; global_colors_info=&#8220;{}&#8220;]<\/p>\n<h1>Christian Bettinger<\/h1>\n<p>[\/et_pb_text][et_pb_text _builder_version=&#8220;4.19.4&#8243; _module_preset=&#8220;default&#8220; header_2_font=&#8220;||||||||&#8220; header_2_text_color=&#8220;#FFFFFF&#8220; global_colors_info=&#8220;{}&#8220;]<\/p>\n<h2>Fotograf<\/h2>\n<p>[\/et_pb_text][et_pb_text _builder_version=&#8220;4.23.1&#8243; _module_preset=&#8220;default&#8220; text_font=&#8220;||||||||&#8220; text_text_color=&#8220;#FFFFFF&#8220; text_font_size=&#8220;16px&#8220; global_colors_info=&#8220;{}&#8220;]<\/p>\n<p>Thematischer Delegierter f\u00fcr Fotografie der <a href=\"https:\/\/www.fondation-patrimoine.org\/fondation-du-patrimoine\/alsace\/presentation#section-0\" title=\"Stiftung f\u00fcr das Kulturerbe im Elsass\" target=\"_blank\" rel=\"noopener\">Fondation du Patrimoine<\/a> (Elsass)<\/p>\n<p>Mitglied von:<br \/>Geschichtsverein von Saint-Louis.<br \/>Geschichtsverein von Huningue, Village-Neuf<\/p>\n<p>Vizepr\u00e4sident der <a href=\"https:\/\/confrerie-asperge.fr\" target=\"_blank\" rel=\"noopener\">Confr\u00e9rie de l&#8217;Asperge (Spargelbruderschaft<\/a>)<\/p>\n<p>Gemeinderat in Village-Neuf<\/p>\n<p>[\/et_pb_text][\/et_pb_column][et_pb_column type=&#8220;1_2&#8243; _builder_version=&#8220;4.19.2&#8243; _module_preset=&#8220;default&#8220; global_colors_info=&#8220;{}&#8220;][et_pb_image src=&#8220;https:\/\/photobettinger.com\/wp-content\/uploads\/2022\/12\/BAS8720_b2-scaled.jpg&#8220; alt=&#8220;Christian Bettinger, Fotograf&#8220; title_text=&#8220;Christian Bettinger&#8220; show_in_lightbox=&#8220;on&#8220; _builder_version=&#8220;4.20.2&#8243; _module_preset=&#8220;default&#8220; custom_padding=&#8220;20px||||false|false&#8220; animation_style=&#8220;fade&#8220; box_shadow_style=&#8220;preset3&#8243; global_colors_info=&#8220;{}&#8220;][\/et_pb_image][\/et_pb_column][\/et_pb_row][\/et_pb_section][et_pb_section fb_built=&#8220;1&#8243; admin_label=&#8220;Section&#8220; _builder_version=&#8220;4.19.4&#8243; _module_preset=&#8220;default&#8220; background_color=&#8220;#283139&#8243; global_colors_info=&#8220;{}&#8220;][et_pb_row column_structure=&#8220;1_2,1_2&#8243; _builder_version=&#8220;4.19.5&#8243; _module_preset=&#8220;default&#8220; custom_margin=&#8220;60px|auto|4px|auto|false|false&#8220; custom_margin_tablet=&#8220;60px|auto|4px|auto|false|false&#8220; custom_margin_phone=&#8220;60px|auto|4px|auto|false|false&#8220; custom_margin_last_edited=&#8220;on|phone&#8220; custom_padding=&#8220;20px|20px|20px||true|false&#8220; border_width_top=&#8220;2px&#8220; border_color_top=&#8220;#F5DF4D&#8220; border_width_right=&#8220;2px&#8220; border_color_right=&#8220;#F5DF4D&#8220; border_color_bottom=&#8220;#F5DF4D&#8220; global_colors_info=&#8220;{}&#8220;][et_pb_column type=&#8220;1_2&#8243; _builder_version=&#8220;4.19.5&#8243; _module_preset=&#8220;default&#8220; border_color_top=&#8220;#F5DF4D&#8220; border_color_bottom=&#8220;#F5DF4D&#8220; global_colors_info=&#8220;{}&#8220;][et_pb_text _builder_version=&#8220;4.19.5&#8243; _module_preset=&#8220;default&#8220; text_text_color=&#8220;#FFFFFF&#8220; text_font_size=&#8220;16px&#8220; header_2_font=&#8220;|600|||||||&#8220; header_2_text_color=&#8220;#F5DF4D&#8220; header_2_font_size=&#8220;30px&#8220; custom_margin=&#8220;||||true&#8220; global_colors_info=&#8220;{}&#8220;]<\/p>\n<h2>Erste Fotoreportage<\/h2>\n<ul>\n<li>1978 Jacques Chirac besucht Saint-Louis<\/li>\n<li>1978-1984 Freelancer f\u00fcr die Zeitungen l&#8217;Alsace und DNA<\/li>\n<\/ul>\n<p>[\/et_pb_text][\/et_pb_column][et_pb_column type=&#8220;1_2&#8243; _builder_version=&#8220;4.19.4&#8243; _module_preset=&#8220;default&#8220; global_colors_info=&#8220;{}&#8220;][et_pb_image src=&#8220;https:\/\/photobettinger.com\/wp-content\/uploads\/2021\/05\/r1-04565-0003-scaled.jpg&#8220; alt=&#8220;Jacques Chirac in Saint-Louis 1978&#8243; title_text=&#8220;Jacques Chirac&#8220; _builder_version=&#8220;4.20.2&#8243; _module_preset=&#8220;default&#8220; custom_margin=&#8220;||0px||false|false&#8220; border_color_all=&#8220;#A3A4A6&#8243; global_colors_info=&#8220;{}&#8220;][\/et_pb_image][et_pb_text _builder_version=&#8220;4.19.4&#8243; _module_preset=&#8220;default&#8220; text_text_color=&#8220;#FFFFFF&#8220; background_color=&#8220;RGBA(255,255,255,0)&#8220; global_colors_info=&#8220;{}&#8220;]<\/p>\n<p>Jacques Chirac in Saint-Louis, 1978. Foto: Christian Bettinger<\/p>\n<p>[\/et_pb_text][\/et_pb_column][\/et_pb_row][et_pb_row _builder_version=&#8220;4.19.5&#8243; _module_preset=&#8220;default&#8220; width=&#8220;98%&#8220; width_tablet=&#8220;90%&#8220; width_phone=&#8220;90%&#8220; width_last_edited=&#8220;on|desktop&#8220; custom_padding=&#8220;0px||0px|20px|false|false&#8220; border_width_bottom=&#8220;2px&#8220; border_color_bottom=&#8220;#F5DF4D&#8220; border_width_left=&#8220;2px&#8220; border_color_left=&#8220;#F5DF4D&#8220; box_shadow_style=&#8220;preset3&#8243; global_colors_info=&#8220;{}&#8220;][et_pb_column type=&#8220;4_4&#8243; _builder_version=&#8220;4.19.2&#8243; _module_preset=&#8220;default&#8220; global_colors_info=&#8220;{}&#8220;][et_pb_image src=&#8220;https:\/\/photobettinger.com\/wp-content\/uploads\/2022\/12\/Jacques-Chirac_Saint-Louis.jpg&#8220; alt=&#8220;Jacques-Chirac Saint-Louis 1978&#8243; title_text=&#8220;Jacques-Chirac_Saint-Louis&#8220; _builder_version=&#8220;4.20.2&#8243; _module_preset=&#8220;default&#8220; custom_margin=&#8220;-3px||1px|||&#8220; animation_style=&#8220;fade&#8220; border_color_all=&#8220;#A3A4A6&#8243; box_shadow_style=&#8220;preset2&#8243; global_colors_info=&#8220;{}&#8220;][\/et_pb_image][et_pb_text _builder_version=&#8220;4.19.4&#8243; _module_preset=&#8220;default&#8220; text_text_color=&#8220;#FFFFFF&#8220; text_orientation=&#8220;right&#8220; custom_margin=&#8220;||5px||false|false&#8220; global_colors_info=&#8220;{}&#8220;]<\/p>\n<p>ich bin auf der rechten Seite&#8230;<span>\ud83d\ude09<\/span> photo: Eug\u00e8ne Groellin<\/p>\n<p>[\/et_pb_text][\/et_pb_column][\/et_pb_row][\/et_pb_section][et_pb_section fb_built=&#8220;1&#8243; admin_label=&#8220;Section&#8220; _builder_version=&#8220;4.19.4&#8243; _module_preset=&#8220;default&#8220; background_color=&#8220;#283139&#8243; global_colors_info=&#8220;{}&#8220;][et_pb_row column_structure=&#8220;1_2,1_2&#8243; _builder_version=&#8220;4.19.5&#8243; _module_preset=&#8220;default&#8220; custom_padding=&#8220;0px|20px|5px||false|false&#8220; border_color_top=&#8220;#A3A4A6&#8243; border_width_right=&#8220;2px&#8220; border_color_right=&#8220;#F5DF4D&#8220; border_width_bottom=&#8220;2px&#8220; border_color_bottom=&#8220;#F5DF4D&#8220; global_colors_info=&#8220;{}&#8220;][et_pb_column type=&#8220;1_2&#8243; _builder_version=&#8220;4.19.5&#8243; _module_preset=&#8220;default&#8220; global_colors_info=&#8220;{}&#8220;][et_pb_text _builder_version=&#8220;4.19.5&#8243; _module_preset=&#8220;default&#8220; text_font=&#8220;||||||||&#8220; text_text_color=&#8220;#FFFFFF&#8220; text_font_size=&#8220;16px&#8220; global_colors_info=&#8220;{}&#8220;]<\/p>\n<ul>\n<li><strong>1981<\/strong>: Erste Stelle als Schriftsetzer bei Kempf (Druckerei) in Village-Neuf<\/li>\n<li><strong>1983:<\/strong> Milit\u00e4rdienst als Fotograf beim Generalstab in Metz<\/li>\n<li><strong>1986:<\/strong> Wiederaufnahme des Studiums am Institut de la Promotion du Commerce (IPC) in Wintzenheim.<br \/>Erhalt des Diploms Niveau III &#8211; DIPC<\/li>\n<\/ul>\n<p>[\/et_pb_text][\/et_pb_column][et_pb_column type=&#8220;1_2&#8243; _builder_version=&#8220;4.19.5&#8243; _module_preset=&#8220;default&#8220; border_color_bottom=&#8220;#F5DF4D&#8220; global_colors_info=&#8220;{}&#8220;][et_pb_image src=&#8220;https:\/\/photobettinger.com\/wp-content\/uploads\/2022\/12\/cb.jpeg&#8220; title_text=&#8220;cb&#8220; _builder_version=&#8220;4.20.2&#8243; _module_preset=&#8220;default&#8220; custom_margin=&#8220;||5px||false|false&#8220; animation_style=&#8220;fold&#8220; box_shadow_style=&#8220;preset3&#8243; global_colors_info=&#8220;{}&#8220;][\/et_pb_image][et_pb_text _builder_version=&#8220;4.19.5&#8243; _module_preset=&#8220;default&#8220; text_text_color=&#8220;#FFFFFF&#8220; text_orientation=&#8220;right&#8220; global_colors_info=&#8220;{}&#8220;]<\/p>\n<p>0683 &#8211; 1. Klasse Bettinger<\/p>\n<p>[\/et_pb_text][\/et_pb_column][\/et_pb_row][\/et_pb_section][et_pb_section fb_built=&#8220;1&#8243; admin_label=&#8220;Section&#8220; _builder_version=&#8220;4.19.4&#8243; _module_preset=&#8220;default&#8220; background_color=&#8220;#283139&#8243; box_shadow_style=&#8220;preset3&#8243; global_colors_info=&#8220;{}&#8220;][et_pb_row column_structure=&#8220;1_2,1_2&#8243; _builder_version=&#8220;4.19.5&#8243; _module_preset=&#8220;default&#8220; custom_padding=&#8220;0px||0px||false|false&#8220; border_color_right=&#8220;#A3A4A6&#8243; border_width_bottom=&#8220;2px&#8220; border_color_bottom=&#8220;#A3A4A6&#8243; box_shadow_style=&#8220;preset3&#8243; global_colors_info=&#8220;{}&#8220;][et_pb_column type=&#8220;1_2&#8243; _builder_version=&#8220;4.19.5&#8243; _module_preset=&#8220;default&#8220; custom_padding=&#8220;|||20px|false|false&#8220; border_width_top=&#8220;2px&#8220; border_color_top=&#8220;#F5DF4D&#8220; border_width_left=&#8220;2px&#8220; border_color_left=&#8220;#F5DF4D&#8220; global_colors_info=&#8220;{}&#8220;][et_pb_text _builder_version=&#8220;4.19.5&#8243; _module_preset=&#8220;default&#8220; header_2_font=&#8220;|600|||||||&#8220; header_2_text_color=&#8220;#F5DF4D&#8220; header_2_font_size=&#8220;30px&#8220; custom_padding=&#8220;20px||||false|false&#8220; global_colors_info=&#8220;{}&#8220; custom_padding__hover_enabled=&#8220;on|desktop&#8220; custom_padding__hover=&#8220;20px||||false|false&#8220;]<\/p>\n<h2>Schwarz und Wei\u00df<\/h2>\n<p>[\/et_pb_text][et_pb_image src=&#8220;https:\/\/photobettinger.com\/wp-content\/uploads\/2022\/12\/Mulhouse-1979-1-scaled.jpg&#8220; alt=&#8220;Polizei, M\u00fchlhausen 1979&#8243; title_text=&#8220;M\u00fchlhausen 1979&#8243; src_tablet=&#8220;https:\/\/photobettinger.com\/wp-content\/uploads\/2022\/12\/Mulhouse-1979-1-scaled.jpg&#8220; src_phone=&#8220;https:\/\/photobettinger.com\/wp-content\/uploads\/2022\/12\/Mulhouse-1979-1-scaled.jpg&#8220; src_last_edited=&#8220;on|phone&#8220; _builder_version=&#8220;4.20.2&#8243; _module_preset=&#8220;default&#8220; width=&#8220;60%&#8220; width_tablet=&#8220;80%&#8220; width_phone=&#8220;75%&#8220; width_last_edited=&#8220;on|tablet&#8220; animation_style=&#8220;slide&#8220; global_colors_info=&#8220;{}&#8220;][\/et_pb_image][\/et_pb_column][et_pb_column type=&#8220;1_2&#8243; _builder_version=&#8220;4.19.4&#8243; _module_preset=&#8220;default&#8220; background_enable_image=&#8220;off&#8220; global_colors_info=&#8220;{}&#8220;][et_pb_image src=&#8220;https:\/\/photobettinger.com\/wp-content\/uploads\/2022\/12\/cb1-scaled.jpg&#8220; alt=&#8220;schwarz-wei\u00df &#8211; \u00f6ffentliche Frau 1984&#8243; title_text=&#8220;\u00f6ffentliche Frau 1984&#8243; _builder_version=&#8220;4.20.2&#8243; _module_preset=&#8220;default&#8220; custom_margin=&#8220;||-1px|||&#8220; global_colors_info=&#8220;{}&#8220;][\/et_pb_image][et_pb_text _builder_version=&#8220;4.19.5&#8243; _module_preset=&#8220;default&#8220; text_font=&#8220;||on||||||&#8220; text_text_color=&#8220;#FFFFFF&#8220; text_font_size=&#8220;16px&#8220; text_orientation=&#8220;justified&#8220; custom_padding=&#8220;20px|20px|20px||false|false&#8220; border_width_right=&#8220;2px&#8220; border_color_right=&#8220;#A3A4A6&#8243; global_colors_info=&#8220;{}&#8220;]<\/p>\n<p>Seit meiner fr\u00fchesten Kindheit war ich von der Magie der Fotografie fasziniert. Als ich zum ersten Mal sah, wie ein Bild im Entwickler erschien, war ich hin und weg &#8211; es war, als ob sich eine neue Dimension vor mir auftat. Seit diesem Moment wusste ich, dass ich Fotografin werden und mein eigenes Fotolabor haben wollte.<\/p>\n<p>Ich begann, diesen Traum durch meine ersten Auftr\u00e4ge als freier Mitarbeiter f\u00fcr eine Zeitung zu verwirklichen.<\/p>\n<p>[\/et_pb_text][\/et_pb_column][\/et_pb_row][\/et_pb_section][et_pb_section fb_built=&#8220;1&#8243; admin_label=&#8220;Section&#8220; _builder_version=&#8220;4.19.4&#8243; _module_preset=&#8220;default&#8220; background_color=&#8220;#283139&#8243; custom_padding=&#8220;||54px|||&#8220; global_colors_info=&#8220;{}&#8220;][et_pb_row column_structure=&#8220;1_2,1_2&#8243; make_equal=&#8220;on&#8220; _builder_version=&#8220;4.19.5&#8243; _module_preset=&#8220;default&#8220; custom_padding=&#8220;|||20px|false|false&#8220; border_width_top=&#8220;2px&#8220; border_color_top=&#8220;#F5DF4D&#8220; border_width_left=&#8220;2px&#8220; border_color_left=&#8220;#F5DF4D&#8220; box_shadow_style=&#8220;preset3&#8243; global_colors_info=&#8220;{}&#8220;][et_pb_column type=&#8220;1_2&#8243; _builder_version=&#8220;4.19.2&#8243; _module_preset=&#8220;default&#8220; global_colors_info=&#8220;{}&#8220;][et_pb_image src=&#8220;https:\/\/photobettinger.com\/wp-content\/uploads\/2022\/12\/emo-1.jpeg&#8220; alt=&#8220;Echenmoser Basel  &#8220; title_text=&#8220;emo 1&#8243; _builder_version=&#8220;4.20.2&#8243; _module_preset=&#8220;default&#8220; animation_style=&#8220;bounce&#8220; global_colors_info=&#8220;{}&#8220;][\/et_pb_image][\/et_pb_column][et_pb_column type=&#8220;1_2&#8243; _builder_version=&#8220;4.19.5&#8243; _module_preset=&#8220;default&#8220; background_color=&#8220;#F5DF4D&#8220; custom_padding=&#8220;20px|20px||20px|false|false&#8220; global_colors_info=&#8220;{}&#8220;][et_pb_text _builder_version=&#8220;4.19.4&#8243; _module_preset=&#8220;default&#8220; header_2_font=&#8220;Roboto Mono||||||||&#8220; header_2_text_color=&#8220;#ff0800&#8243; header_2_font_size=&#8220;30px&#8220; global_colors_info=&#8220;{}&#8220;]<\/p>\n<h2>Eschenmoser Discount<\/h2>\n<p>[\/et_pb_text][et_pb_text _builder_version=&#8220;4.19.5&#8243; _module_preset=&#8220;default&#8220; text_font=&#8220;||||||||&#8220; text_text_color=&#8220;#283139&#8243; text_font_size=&#8220;16px&#8220; header_font=&#8220;Roboto Mono||||||||&#8220; header_3_font=&#8220;Roboto Mono||||||||&#8220; custom_padding=&#8220;2px||20px||false|false&#8220; custom_padding_tablet=&#8220;2px||20px||false|false&#8220; custom_padding_phone=&#8220;2px||20px||false|false&#8220; custom_padding_last_edited=&#8220;on|desktop&#8220; global_colors_info=&#8220;{}&#8220;]<\/p>\n<ul>\n<li> <strong> 1986-2004:<\/strong> Verk\u00e4ufer, sp\u00e4ter Leiter der Abteilungen: Foto, Video, Computer.<\/li>\n<li><strong>1993:<\/strong> Bester Verk\u00e4ufer des Jahres<\/li>\n<\/ul>\n<p>&nbsp;<\/p>\n<p>Von den ersten analogen Spiegelreflexkameras mit Autofokus bis hin zu den Smartphones hat sich die Welt der Fotografie mit dem Aufkommen der Digitaltechnik und des Internets radikal ver\u00e4ndert. Diese Entwicklung brachte neue kreative M\u00f6glichkeiten f\u00fcr Fotografen mit sich und machte es auch Amateuren leicht, Fotos aufzunehmen und zu teilen.<br \/>\nDieser Wandel blieb jedoch nicht ohne Folgen f\u00fcr die Fotoindustrie. Der Online-Handel hat die Art und Weise, wie Verbraucher Produkte kaufen, revolutioniert, was erhebliche Auswirkungen auf kleine Gesch\u00e4fte und gro\u00dfe Discounter hatte. Dennoch k\u00f6nnen professionelle Fotografen, die sich auf Trends und die Bed\u00fcrfnisse ihrer Kunden einstellen, in diesem sich st\u00e4ndig ver\u00e4ndernden Umfeld weiterhin erfolgreich sein. Als Fotograf begeistere ich mich f\u00fcr die M\u00f6glichkeiten, die die neuesten Technologien bieten, w\u00e4hrend ich gleichzeitig die Bedeutung von Qualit\u00e4t, Kreativit\u00e4t und Kundenservice nicht aus den Augen verliere.[\/et_pb_text][\/et_pb_column][\/et_pb_row][\/et_pb_section][et_pb_section fb_built=&#8220;1&#8243; admin_label=&#8220;Section&#8220; _builder_version=&#8220;4.19.4&#8243; _module_preset=&#8220;default&#8220; background_color=&#8220;#283139&#8243; global_colors_info=&#8220;{}&#8220;][et_pb_row column_structure=&#8220;1_2,1_2&#8243; custom_padding_last_edited=&#8220;on|desktop&#8220; _builder_version=&#8220;4.23.1&#8243; _module_preset=&#8220;default&#8220; custom_padding=&#8220;0px||20px||false|false&#8220; custom_padding_tablet=&#8220;||20px||false|false&#8220; custom_padding_phone=&#8220;0px||20px||false|false&#8220; hover_enabled=&#8220;0&#8243; border_color_top=&#8220;#F5DF4D&#8220; border_width_bottom=&#8220;2px&#8220; border_color_bottom=&#8220;#F5DF4D&#8220; border_color_left=&#8220;#A3A4A6&#8243; global_colors_info=&#8220;{}&#8220; sticky_enabled=&#8220;0&#8243;][et_pb_column type=&#8220;1_2&#8243; _builder_version=&#8220;4.19.4&#8243; _module_preset=&#8220;default&#8220; border_width_top=&#8220;2px&#8220; border_color_top=&#8220;#F5DF4D&#8220; global_colors_info=&#8220;{}&#8220;][et_pb_text _builder_version=&#8220;4.20.2&#8243; _module_preset=&#8220;default&#8220; header_2_font=&#8220;|600|||||||&#8220; header_2_text_color=&#8220;#F5DF4D&#8220; header_2_font_size=&#8220;30px&#8220; header_3_font=&#8220;Roboto Mono||||||||&#8220; header_3_text_color=&#8220;#000000&#8243; custom_padding=&#8220;20px|||0px|false|false&#8220; global_colors_info=&#8220;{}&#8220;]<\/p>\n<h2>Erstellung von Webseiten<\/h2>\n<p>[\/et_pb_text][et_pb_text _builder_version=&#8220;4.20.2&#8243; _module_preset=&#8220;default&#8220; text_font_size=&#8220;16px&#8220; global_colors_info=&#8220;{}&#8220;]<\/p>\n<ul>\n<li><strong>2000:<\/strong> Ein Texteditor, ein paar Zeilen in &#8222;html&#8220;, und ich beginne mit der Erstellung meiner ersten Website: bettingerpictures!<\/li>\n<li><strong>2002-2004:<\/strong> Pr\u00e4sident des CLIC (Computerclub von Saint-Louis)<\/li>\n<li><strong>2002:<\/strong> Einrichtung der ersten Internetseite der Buchmesse<\/li>\n<\/ul>\n<p>[\/et_pb_text][\/et_pb_column][et_pb_column type=&#8220;1_2&#8243; _builder_version=&#8220;4.19.2&#8243; _module_preset=&#8220;default&#8220; global_colors_info=&#8220;{}&#8220;][et_pb_image src=&#8220;https:\/\/photobettinger.com\/wp-content\/uploads\/2022\/12\/Capture-decran-2022-12-16-a-19.04.38.png&#8220; title_text=&#8220;Screenshot 2022-12-16 um 19.04.38&#8243; align=&#8220;center&#8220; _builder_version=&#8220;4.19.2&#8243; _module_preset=&#8220;default&#8220; global_colors_info=&#8220;{}&#8220;][\/et_pb_image][\/et_pb_column][\/et_pb_row][\/et_pb_section][et_pb_section fb_built=&#8220;1&#8243; admin_label=&#8220;Section&#8220; _builder_version=&#8220;4.19.4&#8243; _module_preset=&#8220;default&#8220; background_color=&#8220;#283139&#8243; box_shadow_style=&#8220;preset3&#8243; global_colors_info=&#8220;{}&#8220;][et_pb_row column_structure=&#8220;1_2,1_2&#8243; _builder_version=&#8220;4.23.1&#8243; _module_preset=&#8220;default&#8220; custom_padding=&#8220;||||false|false&#8220; hover_enabled=&#8220;0&#8243; border_color_all=&#8220;#A3A4A6&#8243; border_width_top=&#8220;2px&#8220; border_color_top=&#8220;#F5DF4D&#8220; border_width_right=&#8220;2px&#8220; border_color_right=&#8220;#F5DF4D&#8220; global_colors_info=&#8220;{}&#8220; custom_padding_last_edited=&#8220;on|phone&#8220; sticky_enabled=&#8220;0&#8243; custom_padding_tablet=&#8220;||||false|false&#8220; custom_padding_phone=&#8220;||||false|false&#8220;][et_pb_column type=&#8220;1_2&#8243; _builder_version=&#8220;4.19.2&#8243; _module_preset=&#8220;default&#8220; hover_enabled=&#8220;0&#8243; global_colors_info=&#8220;{}&#8220; sticky_enabled=&#8220;0&#8243;][et_pb_text _builder_version=&#8220;4.19.4&#8243; _module_preset=&#8220;default&#8220; header_2_text_color=&#8220;#F5DF4D&#8220; header_2_font_size=&#8220;30px&#8220; global_colors_info=&#8220;{}&#8220;]<\/p>\n<h2 class=\"p1\"><span class=\"s1\"><b>Panorama-Fotografie<\/b><\/span><\/h2>\n<p>[\/et_pb_text][\/et_pb_column][et_pb_column type=&#8220;1_2&#8243; _builder_version=&#8220;4.19.2&#8243; _module_preset=&#8220;default&#8220; global_colors_info=&#8220;{}&#8220;][et_pb_text _builder_version=&#8220;4.19.4&#8243; _module_preset=&#8220;default&#8220; text_font_size=&#8220;16px&#8220; global_colors_info=&#8220;{}&#8220;]<\/p>\n<ul>\n<li><strong>2002:<\/strong> Ausstellung auf dem Felseneck (Ferrette): Panoramablicke.<br \/>Erste Fotoausstellung, die mithilfe von Digitalfotos erstellt wurde.<\/li>\n<li><strong>2004:<\/strong> Ver\u00f6ffentlichung von: Das analoge, digitale und Panorama-Auge&#8230;von C. Bettinger<br \/>Sammlung von Panoramafotos, die anl\u00e4sslich der Buchmesse von der Imprimerie de Saint-Louis herausgegeben wurde.<\/li>\n<li><strong>2007:<\/strong> Ausstellung &#8222;La Passerelle&#8220; im Forum des Rathauses von Saint-Louis.<\/li>\n<\/ul>\n<p>[\/et_pb_text][\/et_pb_column][\/et_pb_row][et_pb_row _builder_version=&#8220;4.19.4&#8243; _module_preset=&#8220;default&#8220; custom_padding=&#8220;0px||0px||false|false&#8220; box_shadow_style=&#8220;preset3&#8243; global_colors_info=&#8220;{}&#8220;][et_pb_column type=&#8220;4_4&#8243; _builder_version=&#8220;4.19.2&#8243; _module_preset=&#8220;default&#8220; global_colors_info=&#8220;{}&#8220;][et_pb_image src=&#8220;https:\/\/photobettinger.com\/wp-content\/uploads\/2021\/08\/photo\u00a9bettinger_01-2-scaled.jpg&#8220; alt=&#8220;Metro Jules Joffrin, Paris&#8220; title_text=&#8220;foto\u00a9bettinger_01&#8243; _builder_version=&#8220;4.20.2&#8243; _module_preset=&#8220;default&#8220; animation_style=&#8220;zoom&#8220; global_colors_info=&#8220;{}&#8220;][\/et_pb_image][\/et_pb_column][\/et_pb_row][\/et_pb_section][et_pb_section fb_built=&#8220;1&#8243; admin_label=&#8220;Section&#8220; module_id=&#8220;basilisk&#8220; _builder_version=&#8220;4.20.2&#8243; _module_preset=&#8220;default&#8220; background_color=&#8220;#283139&#8243; background_enable_image=&#8220;off&#8220; global_colors_info=&#8220;{}&#8220;][et_pb_row column_structure=&#8220;1_2,1_2&#8243; _builder_version=&#8220;4.20.2&#8243; _module_preset=&#8220;default&#8220; custom_margin=&#8220;||20px||false|false&#8220; custom_padding=&#8220;|20px|0px||false|false&#8220; border_width_top=&#8220;2px&#8220; border_color_top=&#8220;#F5DF4D&#8220; border_width_right=&#8220;2px&#8220; border_color_right=&#8220;#F5DF4D&#8220; global_colors_info=&#8220;{}&#8220;][et_pb_column type=&#8220;1_2&#8243; _builder_version=&#8220;4.19.4&#8243; _module_preset=&#8220;default&#8220; global_colors_info=&#8220;{}&#8220;][et_pb_image src=&#8220;https:\/\/photobettinger.com\/wp-content\/uploads\/2023\/01\/IMG_0289-rotated.jpg&#8220; alt=&#8220;Privatjet, Fotograf&#8220; title_text=&#8220;IMG_0289&#8243; _builder_version=&#8220;4.20.2&#8243; _module_preset=&#8220;default&#8220; width=&#8220;74%&#8220; width_tablet=&#8220;80%&#8220; width_phone=&#8220;85%&#8220; width_last_edited=&#8220;on|desktop&#8220; animation_style=&#8220;flip&#8220; global_colors_info=&#8220;{}&#8220;][\/et_pb_image][et_pb_image src=&#8220;https:\/\/photobettinger.com\/wp-content\/uploads\/2023\/01\/IMG_0167-2-2-scaled.jpg&#8220; title_text=&#8220;IMG_0167 2&#8243; align=&#8220;right&#8220; _builder_version=&#8220;4.20.2&#8243; _module_preset=&#8220;default&#8220; width=&#8220;91%&#8220; custom_margin=&#8220;-65px||||false|false&#8220; global_colors_info=&#8220;{}&#8220;][\/et_pb_image][\/et_pb_column][et_pb_column type=&#8220;1_2&#8243; _builder_version=&#8220;4.19.4&#8243; _module_preset=&#8220;default&#8220; global_colors_info=&#8220;{}&#8220;][et_pb_text _builder_version=&#8220;4.19.4&#8243; _module_preset=&#8220;default&#8220; header_2_font_size=&#8220;30px&#8220; global_colors_info=&#8220;{}&#8220;]<\/p>\n<h2>Photo Basilisk<\/h2>\n<p>[\/et_pb_text][et_pb_text _builder_version=&#8220;4.20.2&#8243; _module_preset=&#8220;default&#8220; text_font_size=&#8220;16px&#8220; global_colors_info=&#8220;{}&#8220;]<\/p>\n<ul>\n<li><strong>2004-2020:<\/strong> Fotograf, Leiter des Ateliers <a href=\"https:\/\/issuu.com\/christoph-merian-verlag\/docs\/leseprobe_20191105_foto_hoffmann_ahe\" target=\"_blank\" rel=\"noopener\">ex-Hoffmann<\/a>, das 1891 gegr\u00fcndet wurde, in Basel (Kleinbasel), Clarastrasse 36.<\/li>\n<\/ul>\n<p>Ein besonderer Dank geht an Felix Hoffmann, der seine Leidenschaft f\u00fcr sein Viertel und dessen Traditionen wie Vogel Gryff geteilt hat.<\/p>\n<p>Mit Roland Schweizer, seinem Nachfolger, entdeckte ich die Welt der Privatjets. Wir waren bis nach Saudi-Arabien gereist, um eine ber\u00fchmte Boeing zu fotografieren.<br \/>Aber auch die Welt der Messen wie die Baselworld, die Weltausgabe der Uhren- und Schmuckindustrie. Gemeinsam berichteten wir \u00fcber zahlreiche Gro\u00dfereignisse wie das 150-j\u00e4hrige Jubil\u00e4um der Marke Chopard.<br \/>Dieser sch\u00f6ne Beruf hat mir die M\u00f6glichkeit gegeben, viele bekannte Pers\u00f6nlichkeiten zu treffen. Der Besuch des Dalai Lama in Basel war besonders beeindruckend.<br \/>Ich hatte das Gl\u00fcck, f\u00fcr gro\u00dfe Unternehmen wie Siemens zu reisen (Konferenzen, Messen&#8230;Luzern, Dubai, London, Berlin, Wien, Lissabon&#8230;).<br \/>Dank der Luftaufnahmen aus dem Hubschrauber (offene T\u00fcren!) konnte ich meine H\u00f6henangst \u00fcberwinden. Es war anfangs nicht leicht, \u00fcber das Ger\u00fcst auf die Spitze eines Geb\u00e4udes zu klettern, das sich noch im Bau befand.<br \/>Wir haben immer zur Ausbildung von Lehrlingen beigetragen, ich habe sehr gute Erinnerungen daran und bin auch ein wenig stolz darauf. Es ist immer eine gro\u00dfe Freude, sein Wissen weiterzugeben.<\/p>\n<p>[\/et_pb_text][\/et_pb_column][\/et_pb_row][et_pb_row column_structure=&#8220;1_2,1_2&#8243; _builder_version=&#8220;4.20.2&#8243; _module_preset=&#8220;default&#8220; custom_padding=&#8220;0px||20px|20px|false|false&#8220; border_width_bottom=&#8220;2px&#8220; border_color_bottom=&#8220;#A3A4A6&#8243; border_width_left=&#8220;2px&#8220; border_color_left=&#8220;#A3A4A6&#8243; global_colors_info=&#8220;{}&#8220;][et_pb_column type=&#8220;1_2&#8243; _builder_version=&#8220;4.19.4&#8243; _module_preset=&#8220;default&#8220; global_colors_info=&#8220;{}&#8220;][et_pb_text _builder_version=&#8220;4.20.2&#8243; _module_preset=&#8220;default&#8220; text_font=&#8220;Roboto Mono||||||||&#8220; text_font_size=&#8220;18px&#8220; global_colors_info=&#8220;{}&#8220;]<\/p>\n<p>Gro\u00dfe Baustellen:<\/p>\n<p>[\/et_pb_text][et_pb_text _builder_version=&#8220;4.20.2&#8243; _module_preset=&#8220;default&#8220; text_font_size=&#8220;16px&#8220; global_colors_info=&#8220;{}&#8220;]<\/p>\n<ul>\n<li><strong>2011-2014:<\/strong> Renovierung der Pflasterung des Basler M\u00fcnsterh\u00fcgels Buchgestaltung: Kopfsteinpflaster M\u00fcnsterh\u00fcgel Basel.<\/li>\n<li><strong>2012-2013:<\/strong> Messe Basel: Neue Ausstellungshalle<\/li>\n<li><strong>2014-2016:<\/strong> Novartis: Campus Parc Sud und Nord.<\/li>\n<li><strong>2015-2019:<\/strong> Luftaufnahmen des Quartiers Erlenmatt (Helikopter) Planungsamt Basel<\/li>\n<li><strong>2016-2019:<\/strong> UZB (Universit\u00e4res Zentrum f\u00fcr Zahnmedizin Basel) Bau des neuen Geb\u00e4udes. <a href=\"https:\/\/youtu.be\/Xlmfg5GAW9c\" title=\"Rundgang; UZB\" target=\"_blank\" rel=\"noopener\">Erstellung des Pr\u00e4sentationsvideos<\/a><\/li>\n<li><strong>2019<\/strong>: <a href=\"https:\/\/online.fliphtml5.com\/jqzne\/wobx\/\" title=\"Renovierung des Basler Marktplatzes\" target=\"_blank\" rel=\"noopener\">Renovierung des Marktplatzes<\/a> in Basel<\/li>\n<\/ul>\n<p>[\/et_pb_text][\/et_pb_column][et_pb_column type=&#8220;1_2&#8243; _builder_version=&#8220;4.19.4&#8243; _module_preset=&#8220;default&#8220; global_colors_info=&#8220;{}&#8220;][et_pb_image src=&#8220;https:\/\/photobettinger.com\/wp-content\/uploads\/2023\/01\/IMG_4078.jpg&#8220; alt=&#8220;Fotograf, Luftaufnahmen&#8220; title_text=&#8220;IMG_4078&#8243; align=&#8220;right&#8220; _builder_version=&#8220;4.20.2&#8243; _module_preset=&#8220;default&#8220; width=&#8220;80%&#8220; global_colors_info=&#8220;{}&#8220;][\/et_pb_image][\/et_pb_column][\/et_pb_row][\/et_pb_section][et_pb_section fb_built=&#8220;1&#8243; admin_label=&#8220;Section&#8220; _builder_version=&#8220;4.19.5&#8243; _module_preset=&#8220;default&#8220; background_color=&#8220;#283139&#8243; global_colors_info=&#8220;{}&#8220;][et_pb_row column_structure=&#8220;1_2,1_2&#8243; _builder_version=&#8220;4.20.2&#8243; _module_preset=&#8220;default&#8220; custom_padding=&#8220;20px|20px|0px||false|false&#8220; border_width_top=&#8220;2px&#8220; border_color_top=&#8220;#F5DF4D&#8220; border_width_right=&#8220;2px&#8220; border_color_right=&#8220;#F5DF4D&#8220; global_colors_info=&#8220;{}&#8220;][et_pb_column type=&#8220;1_2&#8243; _builder_version=&#8220;4.19.5&#8243; _module_preset=&#8220;default&#8220; global_colors_info=&#8220;{}&#8220;][et_pb_image src=&#8220;https:\/\/photobettinger.com\/wp-content\/uploads\/2023\/01\/photobettinger_r.png&#8220; alt=&#8220;Professioneller Fotograf&#8220; title_text=&#8220;bettinger foto&#8220; _builder_version=&#8220;4.19.5&#8243; _module_preset=&#8220;default&#8220; width=&#8220;60%&#8220; animation_style=&#8220;zoom&#8220; global_colors_info=&#8220;{}&#8220;][\/et_pb_image][\/et_pb_column][et_pb_column type=&#8220;1_2&#8243; _builder_version=&#8220;4.19.5&#8243; _module_preset=&#8220;default&#8220; global_colors_info=&#8220;{}&#8220;][et_pb_text _builder_version=&#8220;4.23.1&#8243; _module_preset=&#8220;default&#8220; header_2_text_color=&#8220;#F5DF4D&#8220; header_2_font_size=&#8220;30px&#8220; hover_enabled=&#8220;0&#8243; global_colors_info=&#8220;{}&#8220; sticky_enabled=&#8220;0&#8243;]<\/p>\n<h2>Photo Bettinger<\/h2>\n<p>[\/et_pb_text][et_pb_text _builder_version=&#8220;4.23.1&#8243; _module_preset=&#8220;default&#8220; text_font_size=&#8220;16px&#8220; hover_enabled=&#8220;0&#8243; global_colors_info=&#8220;{}&#8220; sticky_enabled=&#8220;0&#8243;]<br \/>\n2021: Niederlassung als Selbst\u00e4ndiger in Village-Neuf.[\/et_pb_text][\/et_pb_column][\/et_pb_row][\/et_pb_section][et_pb_section fb_built=&#8220;1&#8243; admin_label=&#8220;Section&#8220; _builder_version=&#8220;4.19.4&#8243; _module_preset=&#8220;default&#8220; background_color=&#8220;#283139&#8243; global_colors_info=&#8220;{}&#8220; locked=&#8220;off&#8220;][et_pb_row column_structure=&#8220;1_2,1_2&#8243; custom_padding_last_edited=&#8220;on|desktop&#8220; _builder_version=&#8220;4.23.1&#8243; _module_preset=&#8220;default&#8220; custom_padding=&#8220;0px||20px||false|false&#8220; custom_padding_tablet=&#8220;||20px||false|false&#8220; custom_padding_phone=&#8220;0px||20px||false|false&#8220; hover_enabled=&#8220;0&#8243; border_color_top=&#8220;#F5DF4D&#8220; border_width_bottom=&#8220;2px&#8220; border_color_bottom=&#8220;#F5DF4D&#8220; border_color_left=&#8220;#A3A4A6&#8243; global_colors_info=&#8220;{}&#8220; sticky_enabled=&#8220;0&#8243;][et_pb_column type=&#8220;1_2&#8243; _builder_version=&#8220;4.19.4&#8243; _module_preset=&#8220;default&#8220; border_width_top=&#8220;2px&#8220; border_color_top=&#8220;#F5DF4D&#8220; global_colors_info=&#8220;{}&#8220;][et_pb_text _builder_version=&#8220;4.23.1&#8243; _module_preset=&#8220;default&#8220; header_2_font=&#8220;|600|||||||&#8220; header_2_text_color=&#8220;#F5DF4D&#8220; header_2_font_size=&#8220;30px&#8220; header_3_font=&#8220;Roboto Mono||||||||&#8220; header_3_text_color=&#8220;#000000&#8243; custom_padding=&#8220;20px|||0px|false|false&#8220; hover_enabled=&#8220;0&#8243; global_colors_info=&#8220;{}&#8220; sticky_enabled=&#8220;0&#8243;]<\/p>\n<h2>Buch<\/h2>\n<p>[\/et_pb_text][et_pb_text _builder_version=&#8220;4.23.1&#8243; _module_preset=&#8220;default&#8220; text_font_size=&#8220;16px&#8220; hover_enabled=&#8220;0&#8243; global_colors_info=&#8220;{}&#8220; sticky_enabled=&#8220;0&#8243;]<\/p>\n<p>2024: Teilnahme an der Erstellung des Buches:<br \/>Georges Forlen &#8222;Ein Leben, ein Werk&#8220;.<br \/>Anfertigung von Aquarellreproduktionen.<\/p>\n<p>[\/et_pb_text][\/et_pb_column][et_pb_column type=&#8220;1_2&#8243; _builder_version=&#8220;4.19.2&#8243; _module_preset=&#8220;default&#8220; global_colors_info=&#8220;{}&#8220;][et_pb_image src=&#8220;https:\/\/photobettinger.com\/wp-content\/uploads\/2023\/12\/Couverture-Forlen-scaled.jpg&#8220; title_text=&#8220;Georges Forlen&#8220; align=&#8220;center&#8220; _builder_version=&#8220;4.23.1&#8243; _module_preset=&#8220;default&#8220; hover_enabled=&#8220;0&#8243; global_colors_info=&#8220;{}&#8220; sticky_enabled=&#8220;0&#8243;][\/et_pb_image][\/et_pb_column][\/et_pb_row][\/et_pb_section]<\/p>\n","protected":false},"excerpt":{"rendered":"<p>Christian BettingerFotografThematischer Delegierter f\u00fcr Fotografie der Fondation du Patrimoine (Elsass) Mitglied von:Geschichtsverein von Saint-Louis.Geschichtsverein von Huningue, Village-Neuf Vizepr\u00e4sident der Confr\u00e9rie de l&#8217;Asperge (Spargelbruderschaft) Gemeinderat in Village-NeufErste Fotoreportage 1978 Jacques Chirac besucht Saint-Louis 1978-1984 Freelancer f\u00fcr die Zeitungen l&#8217;Alsace und DNA Jacques Chirac in Saint-Louis, 1978. Foto: Christian Bettingerich bin auf der rechten Seite&#8230;\ud83d\ude09 photo: Eug\u00e8ne [&hellip;]<\/p>\n","protected":false},"author":1,"featured_media":247471,"parent":0,"menu_order":0,"comment_status":"closed","ping_status":"closed","template":"","meta":{"_et_pb_use_builder":"on","_et_pb_old_content":"","_et_gb_content_width":"","footnotes":""},"class_list":["post-247676","page","type-page","status-publish","has-post-thumbnail","hentry"],"_links":{"self":[{"href":"https:\/\/photobettinger.com\/de\/wp-json\/wp\/v2\/pages\/247676","targetHints":{"allow":["GET"]}}],"collection":[{"href":"https:\/\/photobettinger.com\/de\/wp-json\/wp\/v2\/pages"}],"about":[{"href":"https:\/\/photobettinger.com\/de\/wp-json\/wp\/v2\/types\/page"}],"author":[{"embeddable":true,"href":"https:\/\/photobettinger.com\/de\/wp-json\/wp\/v2\/users\/1"}],"replies":[{"embeddable":true,"href":"https:\/\/photobettinger.com\/de\/wp-json\/wp\/v2\/comments?post=247676"}],"version-history":[{"count":6,"href":"https:\/\/photobettinger.com\/de\/wp-json\/wp\/v2\/pages\/247676\/revisions"}],"predecessor-version":[{"id":251186,"href":"https:\/\/photobettinger.com\/de\/wp-json\/wp\/v2\/pages\/247676\/revisions\/251186"}],"wp:featuredmedia":[{"embeddable":true,"href":"https:\/\/photobettinger.com\/de\/wp-json\/wp\/v2\/media\/247471"}],"wp:attachment":[{"href":"https:\/\/photobettinger.com\/de\/wp-json\/wp\/v2\/media?parent=247676"}],"curies":[{"name":"wp","href":"https:\/\/api.w.org\/{rel}","templated":true}]}}